{"id":949,"date":"2018-08-29T22:25:04","date_gmt":"2018-08-30T01:25:04","guid":{"rendered":"https:\/\/isfd86-bue.infd.edu.ar\/sitio\/metodologia-de-investigacion-en-ef\/"},"modified":"2019-03-20T22:53:16","modified_gmt":"2019-03-21T01:53:16","slug":"metodologia-de-investigacion-en-ef","status":"publish","type":"page","link":"https:\/\/isfd86-bue.infd.edu.ar\/sitio\/metodologia-de-investigacion-en-ef\/","title":{"rendered":"Metodolog\u00eda de Investigaci\u00f3n en EF"},"content":{"rendered":"<p><strong>Publicaciones de alumnos del Instituto<\/strong><\/p>\n<table style=\"width: 675px; border: 2px solid #000000; height: 7598px;\" border=\"2\" align=\"center\">\n<tbody>\n<tr>\n<td><strong>\u00a0 \u00a0T\u00edtulo:\u00a0<\/strong><span class=\"fontstyle0\">La Educaci\u00f3n Sexual Integral en las clases de Educaci\u00f3n F\u00edsica en el nivel Secundario<\/span><\/p>\n<p><strong>\u00a0 \u00a0Autores:\u00a0<\/strong><span class=\"fontstyle0\">Olmos Olivero Sof\u00eda,\u00a0Nagel Cristian<\/span> <strong><br \/>\n<\/strong><strong><br \/>\n<\/strong><\/td>\n<td>\n<div style=\"text-align: center;\"><a href=\"https:\/\/isfd86-bue.infd.edu.ar\/sitio\/wp-content\/uploads\/2019\/03\/LA-EDUCACI\u00d3N-SEXUAL-INTEGRAL-EN-LAS-CLASES-DE-EDUCACI\u00d3N-F\u00cdSICA-EN-EL-NIVEL-SECUNDARIO.pdf\" target=\"_blank\" rel=\"noopener\"><img decoding=\"async\" loading=\"lazy\" class=\"alignnone\" src=\"https:\/\/isfd86-bue.infd.edu.ar\/sitio\/wp-content\/uploads\/2018\/08\/icono_pdf.gif\" alt=\"Icono pdf \" width=\"32\" height=\"32\" border=\"0\" \/><\/a><\/div>\n<div style=\"text-align: center;\"><a href=\"https:\/\/isfd86-bue.infd.edu.ar\/sitio\/wp-content\/uploads\/2019\/03\/LA-EDUCACI\u00d3N-SEXUAL-INTEGRAL-EN-LAS-CLASES-DE-EDUCACI\u00d3N-F\u00cdSICA-EN-EL-NIVEL-SECUNDARIO.pdf\" target=\"_blank\" rel=\"noopener\">Descargar<\/a><\/div>\n<\/td>\n<\/tr>\n<tr>\n<td><strong>\u00a0 \u00a0T\u00edtulo:\u00a0<\/strong><span class=\"fontstyle0\">La ausencia de estudios m\u00e9dicos y lesiones en el Crossfit<\/span> <strong><br \/>\n<\/strong><strong><br \/>\n<\/strong><strong>\u00a0 \u00a0Autores:\u00a0<\/strong><span class=\"fontstyle0\">Murad Micaela, Prats Florencia<\/span><strong><br \/>\n<\/strong><strong><br \/>\n<\/strong><\/td>\n<td>\n<div style=\"text-align: center;\"><a href=\"https:\/\/isfd86-bue.infd.edu.ar\/sitio\/wp-content\/uploads\/2019\/03\/La-ausencia-de-estudios-m\u00e9dicos-y-lesiones-en-el-Crossfit.pdf\" target=\"_blank\" rel=\"noopener\"><img decoding=\"async\" loading=\"lazy\" class=\"alignnone\" src=\"https:\/\/isfd86-bue.infd.edu.ar\/sitio\/wp-content\/uploads\/2018\/08\/icono_pdf.gif\" alt=\"Icono pdf \" width=\"32\" height=\"32\" border=\"0\" \/><\/a><\/div>\n<div style=\"text-align: center;\"><a href=\"https:\/\/isfd86-bue.infd.edu.ar\/sitio\/wp-content\/uploads\/2019\/03\/La-ausencia-de-estudios-m\u00e9dicos-y-lesiones-en-el-Crossfit.pdf\" target=\"_blank\" rel=\"noopener\">Descargar<\/a><\/div>\n<\/td>\n<\/tr>\n<tr>\n<td><strong>\u00a0 \u00a0<\/strong><strong>T\u00edtulo:\u00a0<\/strong><span class=\"fontstyle0\">La actuaci\u00f3n del profesor de Ed. F\u00edsica en la clase\u00a0con chicos discapacitados motrices<\/span> <strong><br \/>\n<\/strong>\u00a0<strong><br \/>\n<\/strong><strong>\u00a0 \u00a0Autores:\u00a0<\/strong><span class=\"fontstyle0\">Alarc\u00f3n Melisa, Mu\u00f1oz Leandro<\/span> <strong><br \/>\n<\/strong><strong><br \/>\n<\/strong><\/td>\n<td>\n<div style=\"text-align: center;\"><a href=\"https:\/\/isfd86-bue.infd.edu.ar\/sitio\/wp-content\/uploads\/2019\/03\/La-actuaci\u00f3n-del-profesor-de-Ed.F\u00edsica-en-la-clase-con-chicos-discapacitados-motrices.pdf\" target=\"_blank\" rel=\"noopener\"><img decoding=\"async\" loading=\"lazy\" class=\"alignnone\" src=\"https:\/\/isfd86-bue.infd.edu.ar\/sitio\/wp-content\/uploads\/2018\/08\/icono_pdf.gif\" alt=\"Icono pdf \" width=\"32\" height=\"32\" border=\"0\" \/><\/a><\/div>\n<div style=\"text-align: center;\"><a href=\"https:\/\/isfd86-bue.infd.edu.ar\/sitio\/wp-content\/uploads\/2019\/03\/La-actuaci\u00f3n-del-profesor-de-Ed.F\u00edsica-en-la-clase-con-chicos-discapacitados-motrices.pdf\" target=\"_blank\" rel=\"noopener\">Descargar<\/a><\/div>\n<\/td>\n<\/tr>\n<tr>\n<td><strong>\u00a0 \u00a0<\/strong><strong>T\u00edtulo:\u00a0<\/strong><span class=\"fontstyle0\">El b\u00e1squet sobre\u00a0silla de ruedas<\/span><\/p>\n<p><strong>\u00a0 \u00a0<\/strong><strong>Autores:\u00a0<\/strong><span class=\"fontstyle0\">Cerezuela Francisco, Gonz\u00e1lez Mat\u00edas<\/span> <strong><br \/>\n<\/strong><\/td>\n<td>\n<div style=\"text-align: center;\"><a href=\"https:\/\/isfd86-bue.infd.edu.ar\/sitio\/wp-content\/uploads\/2019\/03\/El-b\u00e1squet-sobre-silla-de-ruedas.pdf\" target=\"_blank\" rel=\"noopener\"><img decoding=\"async\" loading=\"lazy\" class=\"alignnone\" src=\"https:\/\/isfd86-bue.infd.edu.ar\/sitio\/wp-content\/uploads\/2018\/08\/icono_pdf.gif\" alt=\"Icono pdf \" width=\"32\" height=\"32\" border=\"0\" \/><\/a><\/div>\n<div style=\"text-align: center;\"><a href=\"https:\/\/isfd86-bue.infd.edu.ar\/sitio\/wp-content\/uploads\/2019\/03\/El-b\u00e1squet-sobre-silla-de-ruedas.pdf\" target=\"_blank\" rel=\"noopener\">Descargar<\/a><\/div>\n<\/td>\n<\/tr>\n<tr>\n<td><strong>\u00a0 \u00a0T\u00edtulo:\u00a0<\/strong>El Ni\u00f1o Autista en la Clase de Educaci\u00f3n F\u00edsica<\/p>\n<p><strong>\u00a0 \u00a0Autores:\u00a0<\/strong>Filocamo Martina,\u00a0Zalazar Agustina<\/td>\n<td>\n<div style=\"text-align: center;\"><a href=\"https:\/\/isfd86-bue.infd.edu.ar\/sitio\/wp-content\/uploads\/2019\/03\/El-Ni\u00f1o-Autista-en-la-Clase-de-Educaci\u00f3n-F\u00edsica.pdf\" target=\"_blank\" rel=\"noopener\"><img decoding=\"async\" loading=\"lazy\" class=\"alignnone\" src=\"https:\/\/isfd86-bue.infd.edu.ar\/sitio\/wp-content\/uploads\/2018\/08\/icono_pdf.gif\" alt=\"Icono pdf \" width=\"32\" height=\"32\" border=\"0\" \/><\/a><\/div>\n<div style=\"text-align: center;\"><a href=\"https:\/\/isfd86-bue.infd.edu.ar\/sitio\/wp-content\/uploads\/2019\/03\/El-Ni\u00f1o-Autista-en-la-Clase-de-Educaci\u00f3n-F\u00edsica.pdf\" target=\"_blank\" rel=\"noopener\">Descargar<\/a><\/div>\n<\/td>\n<\/tr>\n<tr>\n<td><strong>\u00a0 \u00a0T\u00edtulo: <\/strong>El Rol del docente ante la\u00a0<span class=\"fontstyle0\">Integraci\u00f3n de Ni\u00f1os con Discapacidad Motora<\/span><\/p>\n<p><strong>\u00a0 \u00a0Autores:\u00a0<\/strong><span class=\"fontstyle0\">Luques Lorena, Migone\u00a0<\/span><span class=\"fontstyle0\">Crista<\/span>\u00a0<strong><br \/>\n<\/strong><\/td>\n<td>\n<div style=\"text-align: center;\"><a href=\"https:\/\/isfd86-bue.infd.edu.ar\/sitio\/wp-content\/uploads\/2019\/03\/EL-ROL-DEL-DOCENTE-ANTE-LA-INTEGRACI\u00d3N-DE-NI\u00d1OS-CON-DISCAPACIDAD-MOTORA.pdf\" target=\"_blank\" rel=\"noopener\"><img decoding=\"async\" loading=\"lazy\" class=\"alignnone\" src=\"https:\/\/isfd86-bue.infd.edu.ar\/sitio\/wp-content\/uploads\/2018\/08\/icono_pdf.gif\" alt=\"Icono pdf \" width=\"32\" height=\"32\" border=\"0\" \/><\/a><\/div>\n<div style=\"text-align: center;\"><a href=\"https:\/\/isfd86-bue.infd.edu.ar\/sitio\/wp-content\/uploads\/2019\/03\/EL-ROL-DEL-DOCENTE-ANTE-LA-INTEGRACI\u00d3N-DE-NI\u00d1OS-CON-DISCAPACIDAD-MOTORA.pdf\" target=\"_blank\" rel=\"noopener\">Descargar<\/a><\/div>\n<\/td>\n<\/tr>\n<tr>\n<td><strong>\u00a0 \u00a0T\u00edtulo:\u00a0<\/strong>Actividades acu\u00e1ticas para\u00a0 personas con distintas discapacidades en Bah\u00eda Blanca<strong>\u00a0 \u00a0<\/strong><\/p>\n<p><strong>\u00a0 \u00a0Autores:\u00a0<\/strong>Garc\u00e9s Lautaro, Cittadini Franco<\/td>\n<td>\n<div style=\"text-align: center;\"><a href=\"https:\/\/isfd86-bue.infd.edu.ar\/sitio\/wp-content\/uploads\/2019\/03\/Actividades-acuaticas-para-personas-con-distintas-discapacidades-en-Bahia-Blanca.pdf\" target=\"_blank\" rel=\"noopener\"><img decoding=\"async\" loading=\"lazy\" class=\"alignnone\" src=\"https:\/\/isfd86-bue.infd.edu.ar\/sitio\/wp-content\/uploads\/2018\/08\/icono_pdf.gif\" alt=\"Icono pdf \" width=\"32\" height=\"32\" border=\"0\" \/><\/a><\/div>\n<div style=\"text-align: center;\"><a href=\"https:\/\/isfd86-bue.infd.edu.ar\/sitio\/wp-content\/uploads\/2019\/03\/Actividades-acuaticas-para-personas-con-distintas-discapacidades-en-Bahia-Blanca.pdf\" target=\"_blank\" rel=\"noopener\">Descargar<\/a><\/div>\n<\/td>\n<\/tr>\n<tr>\n<td><strong>\u00a0 \u00a0T\u00edtulo:\u00a0<\/strong>Desvalorizaci\u00f3n de las clases de Educaci\u00f3n F\u00edsica en Nivel Secundario<\/p>\n<p><strong>\u00a0 \u00a0Autores: <\/strong>Giner Bel\u00e9n, Fern\u00e1ndez Roc\u00edo<\/td>\n<td>\n<div style=\"text-align: center;\"><a href=\"https:\/\/isfd86-bue.infd.edu.ar\/sitio\/wp-content\/uploads\/2019\/03\/DESVALORIZACI\u00d3N-DE-LAS-CLASES-DE-EDUCACI\u00d3N-F\u00cdSICA-EN-NIVEL-SECUNDARIO.pdf\" target=\"_blank\" rel=\"noopener\"><img decoding=\"async\" loading=\"lazy\" class=\"alignnone\" src=\"https:\/\/isfd86-bue.infd.edu.ar\/sitio\/wp-content\/uploads\/2018\/08\/icono_pdf.gif\" alt=\"Icono pdf \" width=\"32\" height=\"32\" border=\"0\" \/><\/a><\/div>\n<div style=\"text-align: center;\"><a href=\"https:\/\/isfd86-bue.infd.edu.ar\/sitio\/wp-content\/uploads\/2019\/03\/DESVALORIZACI\u00d3N-DE-LAS-CLASES-DE-EDUCACI\u00d3N-F\u00cdSICA-EN-NIVEL-SECUNDARIO.pdf\" target=\"_blank\" rel=\"noopener\">Descargar<\/a><\/div>\n<\/td>\n<\/tr>\n<tr>\n<td><strong>\u00a0 \u00a0T\u00edtulo:\u00a0<\/strong><span class=\"fontstyle0\">El Atletismo en la Escuela Primaria<\/span><\/p>\n<p><strong>\u00a0 \u00a0Autores:\u00a0<\/strong><span class=\"fontstyle0\">Herrera Milagros, Miranda Constanza, Zinck Juan Pablo<\/span><strong><br \/>\n<\/strong><\/td>\n<td>\n<div style=\"text-align: center;\"><a href=\"https:\/\/isfd86-bue.infd.edu.ar\/sitio\/wp-content\/uploads\/2019\/03\/EL-ATLETISMO-EN-LA-ESCUELA-PRIMARIA.pdf\" target=\"_blank\" rel=\"noopener\"><img decoding=\"async\" loading=\"lazy\" class=\"alignnone\" src=\"https:\/\/isfd86-bue.infd.edu.ar\/sitio\/wp-content\/uploads\/2018\/08\/icono_pdf.gif\" alt=\"Icono pdf \" width=\"32\" height=\"32\" border=\"0\" \/><\/a><\/div>\n<div style=\"text-align: center;\"><a href=\"https:\/\/isfd86-bue.infd.edu.ar\/sitio\/wp-content\/uploads\/2019\/03\/EL-ATLETISMO-EN-LA-ESCUELA-PRIMARIA.pdf\" target=\"_blank\" rel=\"noopener\">Descargar<\/a><a href=\"upload\/El_impacto_del_Running.pdf\" target=\"_blank\" rel=\"noopener\"><br \/>\n<\/a><\/div>\n<\/td>\n<\/tr>\n<tr>\n<td><strong>\u00a0 \u00a0T\u00edtulo:\u00a0<\/strong>El impacto del Running<\/p>\n<p><strong>\u00a0 \u00a0Autores:\u00a0<\/strong>Mod\u00f3n Emilia<\/td>\n<td><a href=\"upload\/El_impacto_del_Running.pdf\" target=\"_blank\" rel=\"noopener\">\u00a0<\/a><\/p>\n<div><a href=\"upload\/El_impacto_del_Running.pdf\" target=\"_blank\" rel=\"noopener\"><img decoding=\"async\" src=\"https:\/\/isfd86-bue.infd.edu.ar\/sitio\/wp-content\/uploads\/2018\/08\/icono_pdf.gif\" alt=\"Icono pdf \" border=\"0\" \/>\u00a0<\/a><\/div>\n<div><a href=\"upload\/El_impacto_del_Running.pdf\" target=\"_blank\" rel=\"noopener\">Descargar<\/a><\/div>\n<\/td>\n<\/tr>\n<tr>\n<td><strong>\u00a0 \u00a0T\u00edtulo:\u00a0<\/strong>La nutrici\u00f3n y la alimentaci\u00f3n en el adolescente<\/p>\n<p><strong>\u00a0 \u00a0Autores:\u00a0<\/strong>Torchelli Matias, Triveli Gian Franco<\/td>\n<td><a href=\"upload\/La_nutricion_y_la_alimentacion_en_el_adolescente.pdf\" target=\"_blank\" rel=\"noopener\">\u00a0<\/a><\/p>\n<div><a href=\"upload\/La_nutricion_y_la_alimentacion_en_el_adolescente.pdf\" target=\"_blank\" rel=\"noopener\"><img decoding=\"async\" src=\"https:\/\/isfd86-bue.infd.edu.ar\/sitio\/wp-content\/uploads\/2018\/08\/icono_pdf.gif\" alt=\"Icono pdf \" border=\"0\" \/>\u00a0<\/a><\/div>\n<div><a href=\"upload\/La_nutricion_y_la_alimentacion_en_el_adolescente.pdf\" target=\"_blank\" rel=\"noopener\">Descarga<\/a><a href=\"upload\/ACTIVIDAD_FISICA_Y_RECREACION_EN_LA_TERCERA_EDAD.pdf\" target=\"_blank\" rel=\"noopener\">r<\/a><\/div>\n<\/td>\n<\/tr>\n<tr>\n<td><strong>\u00a0 \u00a0T\u00edtulo:\u00a0<\/strong>Actividad Fisica y Recreacion en la Tercera Edad<\/p>\n<p><strong>\u00a0 \u00a0Autores:\u00a0<\/strong>Far\u00edas Toledo Daniela,\u00a0Espir Agostina<\/td>\n<td><a href=\"upload\/ACTIVIDAD_FISICA_Y_RECREACION_EN_LA_TERCERA_EDAD.pdf\" target=\"_blank\" rel=\"noopener\">\u00a0<\/a><\/p>\n<div><a href=\"upload\/ACTIVIDAD_FISICA_Y_RECREACION_EN_LA_TERCERA_EDAD.pdf\" target=\"_blank\" rel=\"noopener\"><img decoding=\"async\" src=\"https:\/\/isfd86-bue.infd.edu.ar\/sitio\/wp-content\/uploads\/2018\/08\/icono_pdf.gif\" alt=\"Icono pdf \" border=\"0\" \/>\u00a0<\/a><\/div>\n<div><a href=\"upload\/ACTIVIDAD_FISICA_Y_RECREACION_EN_LA_TERCERA_EDAD.pdf\" target=\"_blank\" rel=\"noopener\">Descargar<\/a><\/div>\n<\/td>\n<\/tr>\n<tr>\n<td><strong>\u00a0 \u00a0T\u00edtulo:\u00a0<\/strong>Adolescencia y Deporte<\/p>\n<p><strong>\u00a0 \u00a0Autores:\u00a0<\/strong>Ilekis Federico, Kunich Gast\u00f3n, Pinilla Lisandro<strong><br \/>\n<\/strong><\/td>\n<td><a href=\"upload\/Adolescencia_y_Deporte.pdf\" target=\"_blank\" rel=\"noopener\">\u00a0<\/a><\/p>\n<div><a href=\"upload\/Adolescencia_y_Deporte.pdf\" target=\"_blank\" rel=\"noopener\"><img decoding=\"async\" src=\"https:\/\/isfd86-bue.infd.edu.ar\/sitio\/wp-content\/uploads\/2018\/08\/icono_pdf.gif\" alt=\"Icono pdf \" border=\"0\" \/>\u00a0<\/a><\/div>\n<div><a href=\"upload\/Adolescencia_y_Deporte.pdf\" target=\"_blank\" rel=\"noopener\">Descargar<\/a><\/div>\n<\/td>\n<\/tr>\n<tr>\n<td><strong>\u00a0 \u00a0T\u00edtulo:<\/strong>El uso de las nuevas tecnolog\u00edas en la escuela secundaria<\/p>\n<p><strong>\u00a0 \u00a0Autores:\u00a0<\/strong>Gait\u00e1n Martin Exequiel, Quiroga Santiago, Gonzalez Lucas<\/td>\n<td><a href=\"upload\/EL_USO_DE_LAS_NUEVAS_TECNOLOGIAS_EN_LA_ESCUELA_SECUNDARIA.pdf\" target=\"_blank\" rel=\"noopener\">\u00a0<\/a><\/p>\n<div><a href=\"upload\/EL_USO_DE_LAS_NUEVAS_TECNOLOGIAS_EN_LA_ESCUELA_SECUNDARIA.pdf\" target=\"_blank\" rel=\"noopener\"><img decoding=\"async\" src=\"https:\/\/isfd86-bue.infd.edu.ar\/sitio\/wp-content\/uploads\/2018\/08\/icono_pdf.gif\" alt=\"Icono pdf \" border=\"0\" \/>\u00a0<\/a><\/div>\n<div><a href=\"upload\/EL_USO_DE_LAS_NUEVAS_TECNOLOGIAS_EN_LA_ESCUELA_SECUNDARIA.pdf\" target=\"_blank\" rel=\"noopener\">Descargar<\/a><\/div>\n<p>&nbsp;<\/td>\n<\/tr>\n<tr>\n<td><strong>\u00a0 \u00a0T\u00edtulo:\u00a0<\/strong>La Formaci\u00f3n del Profesor de Educaci\u00f3n F\u00edsica en la Prevenci\u00f3n de lesiones deportivas<\/p>\n<p><strong>\u00a0 \u00a0Autores:\u00a0<\/strong>Musali Daniela, Fernandez Vita Maria Lucia<\/td>\n<td><a href=\"upload\/LA_FORMACION_DEL_PROFESOR_DE_EDUCACION_FISICA_EN_LA_PREVENCION_DE_LESIONES_DEPORTIVAS.pdf\" target=\"_blank\" rel=\"noopener\"><br \/>\n<\/a><\/p>\n<div><a href=\"upload\/LA_FORMACION_DEL_PROFESOR_DE_EDUCACION_FISICA_EN_LA_PREVENCION_DE_LESIONES_DEPORTIVAS.pdf\" target=\"_blank\" rel=\"noopener\"><img decoding=\"async\" src=\"https:\/\/isfd86-bue.infd.edu.ar\/sitio\/wp-content\/uploads\/2018\/08\/icono_pdf.gif\" alt=\"Icono pdf \" border=\"0\" \/>\u00a0<\/a><\/div>\n<div><a href=\"upload\/LA_FORMACION_DEL_PROFESOR_DE_EDUCACION_FISICA_EN_LA_PREVENCION_DE_LESIONES_DEPORTIVAS.pdf\" target=\"_blank\" rel=\"noopener\">Descargar<\/a><\/div>\n<p>&nbsp;<\/td>\n<\/tr>\n<tr>\n<td><strong>\u00a0 \u00a0T\u00edtulo:\u00a0<\/strong>La equinoterapia como medio rehabilitador<\/p>\n<p><strong>\u00a0 \u00a0Autores:\u00a0<\/strong>Suarez Puente Diego, Mellado Juan Jos\u00e9<\/td>\n<td><a href=\"upload\/La_equinoterapia_como_medio_rehabilitador.pdf\" target=\"_blank\" rel=\"noopener\"><br \/>\n<\/a><\/p>\n<div><a href=\"upload\/La_equinoterapia_como_medio_rehabilitador.pdf\" target=\"_blank\" rel=\"noopener\"><img decoding=\"async\" src=\"https:\/\/isfd86-bue.infd.edu.ar\/sitio\/wp-content\/uploads\/2018\/08\/icono_pdf.gif\" alt=\"Icono pdf \" border=\"0\" \/>\u00a0<\/a><\/div>\n<div><a href=\"upload\/La_equinoterapia_como_medio_rehabilitador.pdf\" target=\"_blank\" rel=\"noopener\">Descargar<\/a><\/div>\n<p>&nbsp;<\/td>\n<\/tr>\n<tr>\n<td><strong>\u00a0 \u00a0T\u00edtulo:\u00a0<\/strong>La Integraci\u00f3n del chico autista en las clases de Ed. F\u00edsica<\/p>\n<p><strong>\u00a0 \u00a0Autores:\u00a0<\/strong>Alza Lisandro, Christensen Fernando<\/td>\n<td><a href=\"upload\/LA_INTEGRACION_DE_LOS_CHICOS_CON_AUTISMO_EN_LAS_CLASES_DE_EDUCACION_FISICA.pdf\" target=\"_blank\" rel=\"noopener\"><br \/>\n<\/a><\/p>\n<div><a href=\"upload\/LA_INTEGRACION_DE_LOS_CHICOS_CON_AUTISMO_EN_LAS_CLASES_DE_EDUCACION_FISICA.pdf\" target=\"_blank\" rel=\"noopener\"><img decoding=\"async\" src=\"https:\/\/isfd86-bue.infd.edu.ar\/sitio\/wp-content\/uploads\/2018\/08\/icono_pdf.gif\" alt=\"Icono pdf \" border=\"0\" \/>\u00a0<\/a><\/div>\n<div><a href=\"upload\/LA_INTEGRACION_DE_LOS_CHICOS_CON_AUTISMO_EN_LAS_CLASES_DE_EDUCACION_FISICA.pdf\" target=\"_blank\" rel=\"noopener\">Descargar<\/a><\/div>\n<\/td>\n<\/tr>\n<tr>\n<td><strong>\u00a0 \u00a0T\u00edtulo:\u00a0<\/strong>Actividad F\u00edsca Vs Nuevas Tecnolog\u00edas<\/p>\n<p><strong>\u00a0 \u00a0Autores:\u00a0<\/strong>Barcelona Agust\u00edn, Bucca Franco<\/td>\n<td>\u00a0<a href=\"upload\/actividad_fisica_vs_nuevas_tecnologias.pdf\" target=\"_blank\" rel=\"noopener\"><br \/>\n<\/a><\/p>\n<div><a href=\"upload\/actividad_fisica_vs_nuevas_tecnologias.pdf\" target=\"_blank\" rel=\"noopener\"><img decoding=\"async\" src=\"https:\/\/isfd86-bue.infd.edu.ar\/sitio\/wp-content\/uploads\/2018\/08\/icono_pdf.gif\" alt=\"Icono pdf \" border=\"0\" \/>\u00a0<\/a><\/div>\n<div><a href=\"upload\/actividad_fisica_vs_nuevas_tecnologias.pdf\" target=\"_blank\" rel=\"noopener\">Descarga<\/a>r<\/div>\n<\/td>\n<\/tr>\n<tr>\n<td>\u00a0\u00a0<strong>\u00a0T\u00edtulo:\u00a0<\/strong>La motricidad del\u00a0ni\u00f1o menonita de\u00a0Guatrach\u00e9<\/p>\n<p><strong>\u00a0 \u00a0Autores:\u00a0<\/strong>Mendoza Julieta Virginia, Riveros Mar\u00eda Paula<\/td>\n<td>\u00a0<a href=\"upload\/Tesis_la_motricidad_del_nin_o_menonita_de_Guatrache.pdf\" target=\"_blank\" rel=\"noopener\"><br \/>\n<\/a><\/p>\n<div><a href=\"upload\/Tesis_la_motricidad_del_nin_o_menonita_de_Guatrache.pdf\" target=\"_blank\" rel=\"noopener\"><img decoding=\"async\" src=\"https:\/\/isfd86-bue.infd.edu.ar\/sitio\/wp-content\/uploads\/2018\/08\/icono_pdf.gif\" alt=\"Icono pdf \" border=\"0\" \/>\u00a0<\/a><\/div>\n<div><a href=\"upload\/Tesis_la_motricidad_del_nin_o_menonita_de_Guatrache.pdf\" target=\"_blank\" rel=\"noopener\">Descargar<\/a><\/div>\n<\/td>\n<\/tr>\n<tr>\n<td><strong>\u00a0 \u00a0T\u00edtulo:\u00a0<\/strong>LA PRESION FAMILIAR EN EL\u00a0DEPORTE BASQUET\u00a0CATEGORIA INFANTIL<\/p>\n<p><strong>\u00a0 \u00a0Autores:\u00a0<\/strong>Garofalo Ornela,\u00a0Mallemaci Guillermo,\u00a0Viola Micaela<\/td>\n<td><a href=\"upload\/Presion_Familiar_Basquet.pdf\" target=\"_blank\" rel=\"noopener\">\u00a0<\/a><\/p>\n<div><a href=\"upload\/Presion_Familiar_Basquet.pdf\" target=\"_blank\" rel=\"noopener\"><img decoding=\"async\" src=\"https:\/\/isfd86-bue.infd.edu.ar\/sitio\/wp-content\/uploads\/2018\/08\/icono_pdf.gif\" alt=\"Icono pdf \" border=\"0\" \/>\u00a0<\/a><\/div>\n<div><a href=\"upload\/Presion_Familiar_Basquet.pdf\" target=\"_blank\" rel=\"noopener\">Descargar<\/a><\/div>\n<\/td>\n<\/tr>\n<tr>\n<td><strong>\u00a0 \u00a0T\u00edtulo:\u00a0<\/strong>Nutrici\u00f3n en el\u00a0adulto joven<\/p>\n<p><strong>\u00a0 \u00a0Autores:\u00a0<\/strong>Ambrosi Ignacio, Navarro Martina<\/td>\n<td><a href=\"upload\/Nutricion_adulto_joven.pdf\" target=\"_blank\" rel=\"noopener\">\u00a0<\/a><\/p>\n<div><a href=\"upload\/Nutricion_adulto_joven.pdf\" target=\"_blank\" rel=\"noopener\"><img decoding=\"async\" src=\"https:\/\/isfd86-bue.infd.edu.ar\/sitio\/wp-content\/uploads\/2018\/08\/icono_pdf.gif\" alt=\"Icono pdf \" border=\"0\" \/>\u00a0<\/a><\/div>\n<div><a href=\"upload\/Nutricion_adulto_joven.pdf\" target=\"_blank\" rel=\"noopener\">Descargar<\/a><\/div>\n<p>&nbsp;<\/td>\n<\/tr>\n<tr>\n<td><strong>\u00a0 T\u00edtulo:\u00a0<\/strong>LA MOTIVACI\u00d3N EN LAS CLASES DE\u00a0EDUCACI\u00d3N F\u00cdSICA<\/p>\n<p><strong>\u00a0 \u00a0Autores:\u00a0<\/strong>Colazo Arregui Juan B.,\u00a0Juarez Sheyla Ail\u00e9n<\/td>\n<td><a href=\"upload\/Eje_tematico_III.pdf\" target=\"_blank\" rel=\"noopener\">\u00a0<\/a><a href=\"upload\/Motivacion_clases_.pdf\" target=\"_blank\" rel=\"noopener\"><br \/>\n<\/a><\/p>\n<div><a href=\"upload\/Motivacion_clases_.pdf\" target=\"_blank\" rel=\"noopener\"><img decoding=\"async\" src=\"https:\/\/isfd86-bue.infd.edu.ar\/sitio\/wp-content\/uploads\/2018\/08\/icono_pdf.gif\" alt=\"Icono pdf \" border=\"0\" \/>\u00a0<\/a><\/div>\n<div><a href=\"upload\/Motivacion_clases_.pdf\" target=\"_blank\" rel=\"noopener\">Descargar<\/a><\/div>\n<p>&nbsp;<\/td>\n<\/tr>\n<tr>\n<td><strong>\u00a0 \u00a0T\u00edtulo:\u00a0<\/strong>LA FLEXIBILIDAD EN LOS\u00a0NADADORES<\/p>\n<p><strong>\u00a0 \u00a0Autores:\u00a0<\/strong>MARTINEZ Nahuel, RETMAN Luciano<\/td>\n<td><a href=\"upload\/Eje_tematico_III.pdf\" target=\"_blank\" rel=\"noopener\">\u00a0<\/a><a href=\"upload\/Flexibilidad_en_nadadores.pdf\" target=\"_blank\" rel=\"noopener\"><br \/>\n<\/a><\/p>\n<div><a href=\"upload\/Flexibilidad_en_nadadores.pdf\" target=\"_blank\" rel=\"noopener\"><img decoding=\"async\" src=\"https:\/\/isfd86-bue.infd.edu.ar\/sitio\/wp-content\/uploads\/2018\/08\/icono_pdf.gif\" alt=\"Icono pdf \" border=\"0\" \/>\u00a0<\/a><\/div>\n<div><a href=\"upload\/Flexibilidad_en_nadadores.pdf\" target=\"_blank\" rel=\"noopener\">Descarga<\/a>r<\/div>\n<p>&nbsp;<\/td>\n<\/tr>\n<tr>\n<td><strong>\u00a0 \u00a0T\u00edtulo:\u00a0<\/strong>Desarrollo del eje tem\u00e1tico III del Dise\u00f1o Curricular en el nivel secundario<\/p>\n<p><strong>\u00a0 \u00a0Autores:\u00a0<\/strong>Lambrecht Brenda, Vel\u00e1zquez Giuliana<\/td>\n<td><a href=\"upload\/Eje_tematico_III.pdf\" target=\"_blank\" rel=\"noopener\"><br \/>\n<\/a><\/p>\n<div><a href=\"upload\/Eje_tematico_III.pdf\" target=\"_blank\" rel=\"noopener\"><img decoding=\"async\" src=\"https:\/\/isfd86-bue.infd.edu.ar\/sitio\/wp-content\/uploads\/2018\/08\/icono_pdf.gif\" alt=\"Icono pdf \" border=\"0\" \/>\u00a0<\/a><\/div>\n<div><a href=\"upload\/Eje_tematico_III.pdf\" target=\"_blank\" rel=\"noopener\">Descargar<\/a><\/div>\n<p>&nbsp;<\/td>\n<\/tr>\n<tr>\n<td><strong>\u00a0 \u00a0T\u00edtulo:\u00a0<\/strong>Diferencias de\u00a0g\u00e9nero en la\u00a0motricidad<\/p>\n<p><strong>\u00a0 \u00a0Autores:\u00a0<\/strong>Bariani Despres Romina,\u00a0G\u00f3mez Alonso Mar\u00eda Sof\u00eda<\/td>\n<td><a href=\"upload\/Clases_Mixtas_Secundario.pdf\" target=\"_blank\" rel=\"noopener\">\u00a0<\/a><a href=\"upload\/diferencias_genero_motricidad.pdf\" target=\"_blank\" rel=\"noopener\"><br \/>\n<\/a><\/p>\n<div><a href=\"upload\/diferencias_genero_motricidad.pdf\" target=\"_blank\" rel=\"noopener\"><img decoding=\"async\" src=\"https:\/\/isfd86-bue.infd.edu.ar\/sitio\/wp-content\/uploads\/2018\/08\/icono_pdf.gif\" alt=\"Icono pdf \" border=\"0\" \/>\u00a0<\/a><\/div>\n<div><a href=\"upload\/diferencias_genero_motricidad.pdf\" target=\"_blank\" rel=\"noopener\">Descargar<\/a><\/div>\n<p>&nbsp;<\/td>\n<\/tr>\n<tr>\n<td><strong>\u00a0 \u00a0T\u00edtulo:\u00a0<\/strong>LAS CLASES DE EDUCACION FISICA MIXTAS EN EL NIVEL SECUNDARIO<\/p>\n<p><strong>\u00a0 \u00a0Autores:\u00a0<\/strong>Gutt\u00a0Juli\u00e1n, Duro\u00a0Camila<\/td>\n<td><a href=\"upload\/Clases_Mixtas_Secundario.pdf\" target=\"_blank\" rel=\"noopener\"><br \/>\n<\/a><\/p>\n<div><a href=\"upload\/Clases_Mixtas_Secundario.pdf\" target=\"_blank\" rel=\"noopener\"><img decoding=\"async\" src=\"https:\/\/isfd86-bue.infd.edu.ar\/sitio\/wp-content\/uploads\/2018\/08\/icono_pdf.gif\" alt=\"Icono pdf \" border=\"0\" \/>\u00a0<\/a><\/div>\n<div><a href=\"upload\/Clases_Mixtas_Secundario.pdf\" target=\"_blank\" rel=\"noopener\">Descargar<\/a><\/div>\n<p>&nbsp;<\/td>\n<\/tr>\n<tr>\n<td><strong>\u00a0 \u00a0T\u00edtulo:\u00a0<\/strong>La capacitaci\u00f3n en\u00a0sobrecarga para\u00a0Profesores de\u00a0Educaci\u00f3n f\u00edsica<\/p>\n<p><strong>\u00a0 \u00a0Autores:\u00a0<\/strong>Calzetta Juan Emilio,\u00a0C\u00e1rcamo Emmanuel<\/td>\n<td><a href=\"upload\/Alimentacion_y_Nutricion.pdf\" target=\"_blank\" rel=\"noopener\">\u00a0<\/a><a href=\"upload\/Capacitacion_sobregarga_pef.pdf\" target=\"_blank\" rel=\"noopener\"><br \/>\n<\/a><\/p>\n<div><a href=\"upload\/Capacitacion_sobregarga_pef.pdf\" target=\"_blank\" rel=\"noopener\"><img decoding=\"async\" src=\"https:\/\/isfd86-bue.infd.edu.ar\/sitio\/wp-content\/uploads\/2018\/08\/icono_pdf.gif\" alt=\"Icono pdf \" border=\"0\" \/>\u00a0<\/a><\/div>\n<div><a href=\"upload\/Capacitacion_sobregarga_pef.pdf\" target=\"_blank\" rel=\"noopener\">Descargar<\/a><\/div>\n<p>&nbsp;<\/td>\n<\/tr>\n<tr>\n<td><strong>\u00a0 \u00a0T\u00edtulo:\u00a0<\/strong>ALIMENTACION Y\u00a0NUTRICION EN EL\u00a0PROFESORADO DE\u00a0EDUCACION FISICA.<\/p>\n<p><strong>\u00a0 \u00a0Autores:\u00a0<\/strong>Mart\u00ednez Constanza, Smit Sebasti\u00e1n<\/td>\n<td><a href=\"upload\/Alimentacion_y_Nutricion.pdf\" target=\"_blank\" rel=\"noopener\"><br \/>\n<\/a><\/p>\n<div><a href=\"upload\/Alimentacion_y_Nutricion.pdf\" target=\"_blank\" rel=\"noopener\"><img decoding=\"async\" src=\"https:\/\/isfd86-bue.infd.edu.ar\/sitio\/wp-content\/uploads\/2018\/08\/icono_pdf.gif\" alt=\"Icono pdf \" border=\"0\" \/>\u00a0<\/a><\/div>\n<div><a href=\"upload\/Alimentacion_y_Nutricion.pdf\" target=\"_blank\" rel=\"noopener\">Descargar<\/a><\/div>\n<\/td>\n<\/tr>\n<tr>\n<td><strong>\u00a0 \u00a0T\u00edtulo:\u00a0<\/strong>El consumo de alcohol y cigarrillo\u00a0en estudiantes de Educaci\u00f3n F\u00edsica del ISFD \u00a0 \u00a0 \u00a0 \u00a0 \u00a0 \u00a0 N\u00ba 86<\/p>\n<p><strong>\u00a0 \u00a0Autores:\u00a0<\/strong>El\u00edas Mariana, Cay\u00fan Florencia<\/td>\n<td>\u00a0\u00a0<a href=\"upload\/Alcohol_y_cigarrillo_ISFD.pdf\" target=\"_blank\" rel=\"noopener\"><br \/>\n<\/a><\/p>\n<div><a href=\"upload\/Alcohol_y_cigarrillo_ISFD.pdf\" target=\"_blank\" rel=\"noopener\"><img decoding=\"async\" src=\"https:\/\/isfd86-bue.infd.edu.ar\/sitio\/wp-content\/uploads\/2018\/08\/icono_pdf.gif\" alt=\"Icono pdf \" border=\"0\" \/>\u00a0<\/a><\/div>\n<div><a href=\"upload\/Alcohol_y_cigarrillo_ISFD.pdf\" target=\"_blank\" rel=\"noopener\">Descargar<\/a><\/div>\n<p>&nbsp;<\/td>\n<\/tr>\n<tr>\n<td><strong>\u00a0 \u00a0T\u00edtulo:<\/strong>\u00a0La importancia del ejercicio\u00a0en adolescentes con fibrosis\u00a0qu\u00edstica<\/p>\n<p><strong>\u00a0 \u00a0Autores:\u00a0<\/strong>Saia Florencia, Morales Mariana<\/td>\n<td><a href=\"upload\/Tesis_Crossfit.pdf\" target=\"_blank\" rel=\"noopener\">\u00a0<\/a> \u00a0<a href=\"upload\/Adolescentes_fibrosis.pdf\" target=\"_blank\" rel=\"noopener\"><br \/>\n<\/a><\/p>\n<div><a href=\"upload\/Adolescentes_fibrosis.pdf\" target=\"_blank\" rel=\"noopener\"><img decoding=\"async\" src=\"https:\/\/isfd86-bue.infd.edu.ar\/sitio\/wp-content\/uploads\/2018\/08\/icono_pdf.gif\" alt=\"Icono pdf \" border=\"0\" \/>\u00a0<\/a><\/div>\n<div><a href=\"upload\/Adolescentes_fibrosis.pdf\" target=\"_blank\" rel=\"noopener\">Descargar<\/a><\/div>\n<p>&nbsp;<\/td>\n<\/tr>\n<tr>\n<td><strong>\u00a0 \u00a0T\u00edtulo:<\/strong>\u00a0Nuevas Tendencias: Crossfit<\/p>\n<p><strong>\u00a0 \u00a0Autores:\u00a0<\/strong>Camargo Graciana, Luna Melany, Reiss Florencia<\/td>\n<td><a href=\"upload\/Tesis_Crossfit.pdf\" target=\"_blank\" rel=\"noopener\"><br \/>\n<\/a><\/p>\n<div><a href=\"upload\/Tesis_Crossfit.pdf\" target=\"_blank\" rel=\"noopener\"><img decoding=\"async\" src=\"https:\/\/isfd86-bue.infd.edu.ar\/sitio\/wp-content\/uploads\/2018\/08\/icono_pdf.gif\" alt=\"Icono pdf \" border=\"0\" \/>\u00a0<\/a><\/div>\n<div><a href=\"upload\/Tesis_Crossfit.pdf\" target=\"_blank\" rel=\"noopener\">Descargar<\/a><\/div>\n<\/td>\n<\/tr>\n<tr>\n<td>&nbsp;<\/p>\n<p><strong>\u00a0 \u00a0T\u00edtulo:<\/strong>\u00a0Salud y deporte<\/p>\n<p><strong>\u00a0 \u00a0Autores:\u00a0<\/strong>Enriquez Maximiliano, Blanchini Emiliano, Lai\u00f1o Leandro<\/td>\n<td>\u00a0<a href=\"upload\/Tesis_Salud_y_deporte.pdf\" target=\"_blank\" rel=\"noopener\"><br \/>\n<\/a><\/p>\n<div><a href=\"upload\/Tesis_Salud_y_deporte.pdf\" target=\"_blank\" rel=\"noopener\"><img decoding=\"async\" src=\"https:\/\/isfd86-bue.infd.edu.ar\/sitio\/wp-content\/uploads\/2018\/08\/icono_pdf.gif\" alt=\"Icono pdf \" border=\"0\" \/>\u00a0<\/a><\/div>\n<div><a href=\"upload\/Tesis_Salud_y_deporte.pdf\" target=\"_blank\" rel=\"noopener\">Descargar<\/a><\/div>\n<\/td>\n<\/tr>\n<tr>\n<td><strong>\u00a0 \u00a0T\u00edtulo:<\/strong>\u00a0Las diferencias motrices entre los ni\u00f1os de zona urbana y rural<\/p>\n<p><strong>\u00a0 \u00a0Autores:\u00a0<\/strong>Caldat Gabriela y Zamborain Valentina<\/td>\n<td><a href=\"upload\/Tesis_Las_diferencias_motrices_entre_los_ni%F1os_de_zona_urbana_y_rural.pdf\" target=\"_blank\" rel=\"noopener\"><br \/>\n<\/a><\/p>\n<div><a href=\"upload\/Tesis_Las_diferencias_motrices_entre_los_ni%F1os_de_zona_urbana_y_rural.pdf\" target=\"_blank\" rel=\"noopener\"><img decoding=\"async\" src=\"https:\/\/isfd86-bue.infd.edu.ar\/sitio\/wp-content\/uploads\/2018\/08\/icono_pdf.gif\" alt=\"Icono pdf \" border=\"0\" \/>\u00a0<\/a><\/div>\n<div><a href=\"upload\/Tesis_Las_diferencias_motrices_entre_los_ni%F1os_de_zona_urbana_y_rural.pdf\" target=\"_blank\" rel=\"noopener\">Descargar<\/a><\/div>\n<p>&nbsp;<\/td>\n<\/tr>\n<tr>\n<td><strong>\u00a0 \u00a0T\u00edtulo:<\/strong>\u00a0La flexibilidad en la Escuela primaria<strong>.<\/strong><\/p>\n<p><strong>\u00a0 \u00a0Autores:\u00a0<\/strong>Lucia Longstaff \u00c1lvarez, Lucia Dorado.<\/td>\n<td><a href=\"upload\/Tesis_La_flexibilidad_en_la_Escuela_primaria.pdf\" target=\"_blank\" rel=\"noopener\"><br \/>\n<\/a><\/p>\n<div><a href=\"upload\/Tesis_La_flexibilidad_en_la_Escuela_primaria.pdf\" target=\"_blank\" rel=\"noopener\"><img decoding=\"async\" src=\"https:\/\/isfd86-bue.infd.edu.ar\/sitio\/wp-content\/uploads\/2018\/08\/icono_pdf.gif\" alt=\"Icono pdf \" border=\"0\" \/>\u00a0<\/a><\/div>\n<div><a href=\"upload\/Tesis_La_flexibilidad_en_la_Escuela_primaria.pdf\" target=\"_blank\" rel=\"noopener\">Descargar<\/a><\/div>\n<\/td>\n<\/tr>\n<tr>\n<td><strong>\u00a0 \u00a0T\u00edtulo:\u00a0<\/strong>La construcci\u00f3n de las habilidades motrices b\u00e1sicas en ni\u00f1os de 6 a\u00f1os<\/p>\n<p><strong>\u00a0 \u00a0Autores:\u00a0<\/strong>Antonella Torchelli, Mat\u00edas Fern\u00e1ndez<\/td>\n<td>\u00a0<a href=\"upload\/Tesis_La_construcci%F3n_de_las_habilidades_motrices_b%E1sicas_en_ni%F1os_de_6_a%F1os.pdf\" target=\"_blank\" rel=\"noopener\"><br \/>\n<\/a><\/p>\n<div><a href=\"upload\/Tesis_La_construcci%F3n_de_las_habilidades_motrices_b%E1sicas_en_ni%F1os_de_6_a%F1os.pdf\" target=\"_blank\" rel=\"noopener\"><img decoding=\"async\" src=\"https:\/\/isfd86-bue.infd.edu.ar\/sitio\/wp-content\/uploads\/2018\/08\/icono_pdf.gif\" alt=\"Icono pdf \" border=\"0\" \/>\u00a0<\/a><\/div>\n<div><a href=\"upload\/Tesis_La_construcci%F3n_de_las_habilidades_motrices_b%E1sicas_en_ni%F1os_de_6_a%F1os.pdf\" target=\"_blank\" rel=\"noopener\">Descargar<\/a><\/div>\n<\/td>\n<\/tr>\n<tr>\n<td><strong>\u00a0 \u00a0T\u00edtulo:\u00a0<\/strong>La alimentaci\u00f3n en los jugadores de futbol amateur<\/p>\n<p><strong>\u00a0 \u00a0Autores:\u00a0<\/strong>Broquen Eduardo, Nuesch Juan Cruz<\/td>\n<td>\u00a0<a href=\"upload\/Tesis_La_alimentaci%F3n_en_los_jugadores_de_futbol_amateur.pdf\" target=\"_blank\" rel=\"noopener\"><br \/>\n<\/a><\/p>\n<div><a href=\"upload\/Tesis_La_alimentaci%F3n_en_los_jugadores_de_futbol_amateur.pdf\" target=\"_blank\" rel=\"noopener\"><img decoding=\"async\" src=\"https:\/\/isfd86-bue.infd.edu.ar\/sitio\/wp-content\/uploads\/2018\/08\/icono_pdf.gif\" alt=\"Icono pdf \" border=\"0\" \/>\u00a0<\/a><\/div>\n<div><a href=\"upload\/Tesis_La_alimentaci%F3n_en_los_jugadores_de_futbol_amateur.pdf\" target=\"_blank\" rel=\"noopener\">Descargar<\/a><\/div>\n<\/td>\n<\/tr>\n<tr>\n<td><strong>\u00a0 \u00a0T\u00edtulo:<\/strong>\u00a0Falta de Interes y motivacion del adolescente para las clases de Educacion Fisica<\/p>\n<p><strong>\u00a0 \u00a0Autores:\u00a0<\/strong>Ferri Andreina Luz, Lagos Mar\u00eda Victoria, Rossini Mailen<\/td>\n<td>\u00a0<a href=\"upload\/Tesis_Falta_de_interes_y_motivacion_del_adolescente_para_las_clases_de_Educacion_Fisica..pdf\" target=\"_blank\" rel=\"noopener\"><br \/>\n<\/a><\/p>\n<div><a href=\"upload\/Tesis_Falta_de_interes_y_motivacion_del_adolescente_para_las_clases_de_Educacion_Fisica..pdf\" target=\"_blank\" rel=\"noopener\"><img decoding=\"async\" src=\"https:\/\/isfd86-bue.infd.edu.ar\/sitio\/wp-content\/uploads\/2018\/08\/icono_pdf.gif\" alt=\"Icono pdf \" border=\"0\" \/>\u00a0<\/a><\/div>\n<div><a href=\"upload\/Tesis_Falta_de_interes_y_motivacion_del_adolescente_para_las_clases_de_Educacion_Fisica..pdf\" target=\"_blank\" rel=\"noopener\">Descargar<\/a><\/div>\n<\/td>\n<\/tr>\n<tr>\n<td><strong>\u00a0 \u00a0T\u00edtulo:<\/strong>\u00a0El Marketing en el F\u00fatbol de Bah\u00eda Blanca<\/p>\n<p><strong>\u00a0 \u00a0Autores:\u00a0<\/strong>Pinto Jerem\u00edas, Ricagno Juan Gabriel<\/td>\n<td>\u00a0<a href=\"upload\/Tesis_El_Marketing_en_el_F%FAtbol_de_Bah%EDa_Blanca.pdf\" target=\"_blank\" rel=\"noopener\"><br \/>\n<\/a><\/p>\n<div><a href=\"upload\/Tesis_El_Marketing_en_el_F%FAtbol_de_Bah%EDa_Blanca.pdf\" target=\"_blank\" rel=\"noopener\"><img decoding=\"async\" src=\"https:\/\/isfd86-bue.infd.edu.ar\/sitio\/wp-content\/uploads\/2018\/08\/icono_pdf.gif\" alt=\"Icono pdf \" border=\"0\" \/>\u00a0<\/a><\/div>\n<div><a href=\"upload\/Tesis_El_Marketing_en_el_F%FAtbol_de_Bah%EDa_Blanca.pdf\" target=\"_blank\" rel=\"noopener\">Descargar<\/a><\/div>\n<\/td>\n<\/tr>\n<tr>\n<td>&nbsp;<\/p>\n<p><strong>\u00a0 \u00a0T\u00edtulo:<\/strong>\u00a0El embarazo en la adolescencia<\/p>\n<p><strong>\u00a0 \u00a0Autores:\u00a0<\/strong>L\u00f3pez Guzzo F\u00e1tima, Ventimiglia Martin.<\/td>\n<td>\u00a0<a href=\"upload\/Tesis_El_Embarazo_en_la_Adolescencia.pdf\" target=\"_blank\" rel=\"noopener\"><br \/>\n<\/a><\/p>\n<div><a href=\"upload\/Tesis_El_Embarazo_en_la_Adolescencia.pdf\" target=\"_blank\" rel=\"noopener\"><img decoding=\"async\" src=\"https:\/\/isfd86-bue.infd.edu.ar\/sitio\/wp-content\/uploads\/2018\/08\/icono_pdf.gif\" alt=\"Icono pdf \" border=\"0\" \/>\u00a0<\/a><\/div>\n<div><a href=\"upload\/Tesis_El_Embarazo_en_la_Adolescencia.pdf\" target=\"_blank\" rel=\"noopener\">Descargar<\/a><\/div>\n<\/td>\n<\/tr>\n<tr>\n<td>\n<p style=\"direction: ltr;\"><strong>\u00a0 \u00a0T\u00edtulo:<\/strong>\u00a0La actividad f\u00edsica en adultos mayores<\/p>\n<p style=\"direction: ltr;\"><strong>\u00a0 \u00a0Autores:<\/strong>Eberling Ivan, Furg Jonatan,Montoya Enzo<\/p>\n<\/td>\n<td><a href=\"upload\/Tesis_Adultos_Mayores.pdf\" target=\"_blank\" rel=\"noopener\"><br \/>\n<\/a><\/p>\n<div><a href=\"upload\/Tesis_Adultos_Mayores.pdf\" target=\"_blank\" rel=\"noopener\"><img decoding=\"async\" src=\"https:\/\/isfd86-bue.infd.edu.ar\/sitio\/wp-content\/uploads\/2018\/08\/icono_pdf.gif\" alt=\"Icono pdf \" border=\"0\" \/>\u00a0<\/a><\/div>\n<div><a href=\"upload\/Tesis_Adultos_Mayores.pdf\" target=\"_blank\" rel=\"noopener\">Descargar<\/a><\/div>\n<\/td>\n<\/tr>\n<tr>\n<td><strong><img decoding=\"async\" src=\"https:\/\/isfd86-bue.infd.edu.ar\/sitio\/wp-content\/uploads\/2018\/08\/10x10.gif\" alt=\"Transparente\" border=\"0\" \/>T\u00edtulo:<\/strong>\u00a0La articulaci\u00f3n entre el Dise\u00f1o Curricular de Educaci\u00f3n F\u00edsica y las practicas docentes<br \/>\n<strong><img decoding=\"async\" src=\"https:\/\/isfd86-bue.infd.edu.ar\/sitio\/wp-content\/uploads\/2018\/08\/10x10.gif\" alt=\"Transparente\" border=\"0\" \/>Autores:\u00a0<\/strong>Cabrera Claudio, Chaina Narhem<strong><br \/>\n<img decoding=\"async\" src=\"https:\/\/isfd86-bue.infd.edu.ar\/sitio\/wp-content\/uploads\/2018\/08\/10x10.gif\" alt=\"Transparente\" border=\"0\" \/><\/strong><\/td>\n<td>&nbsp;<\/p>\n<div><a title=\"Tesis Articulacion\" href=\"upload\/La_articulaci%F3n_entre_el_Dise%F1o_Curricular_de_Educaci%F3n_F%EDsica_y_las_practicas_docentes.pdf\" target=\"_blank\" rel=\"noopener\"><img decoding=\"async\" src=\"https:\/\/isfd86-bue.infd.edu.ar\/sitio\/wp-content\/uploads\/2018\/08\/icono_pdf.gif\" alt=\"Icono pdf \" border=\"0\" \/>\u00a0<\/a><\/div>\n<div><a title=\"Tesis Articulacion\" href=\"upload\/La_articulaci%F3n_entre_el_Dise%F1o_Curricular_de_Educaci%F3n_F%EDsica_y_las_practicas_docentes.pdf\" target=\"_blank\" rel=\"noopener\">Descargar<\/a><\/div>\n<\/td>\n<\/tr>\n<tr>\n<td><strong><img decoding=\"async\" src=\"https:\/\/isfd86-bue.infd.edu.ar\/sitio\/wp-content\/uploads\/2018\/08\/10x10.gif\" alt=\"Transparente\" border=\"0\" \/>T\u00edtulo: <\/strong>Violencia en el Contexto Escolar<strong><br \/>\n<img decoding=\"async\" src=\"https:\/\/isfd86-bue.infd.edu.ar\/sitio\/wp-content\/uploads\/2018\/08\/10x10.gif\" alt=\"Transparente\" border=\"0\" \/>Autor:\u00a0<\/strong>Pereyra Mariana, Schiel Vanesa<strong><br \/>\n<img decoding=\"async\" src=\"https:\/\/isfd86-bue.infd.edu.ar\/sitio\/wp-content\/uploads\/2018\/08\/10x10.gif\" alt=\"Transparente\" border=\"0\" \/><\/strong><\/td>\n<td><a title=\"Tesis Violencia\" href=\"upload\/VIOLENCIA_EN_EL_CONTEXTO_ESCOLAR.pdf\" target=\"_blank\" rel=\"noopener\"><br \/>\n<img decoding=\"async\" src=\"https:\/\/isfd86-bue.infd.edu.ar\/sitio\/wp-content\/uploads\/2018\/08\/icono_pdf.gif\" alt=\"Icono pdf \" border=\"0\" \/><br \/>\nDescargar\u00a0<\/a><\/td>\n<\/tr>\n<tr>\n<td><strong><img decoding=\"async\" loading=\"lazy\" src=\"https:\/\/isfd86-bue.infd.edu.ar\/sitio\/wp-content\/uploads\/2018\/08\/10x10.gif\" alt=\"Transparente\" width=\"10\" height=\"10\" border=\"0\" \/>T\u00edtulo:\u00a0<\/strong>El entrenamiento de alto rendimiento y las lesiones en los nadadores m\u00e1sters<strong><br \/>\n<img decoding=\"async\" src=\"https:\/\/isfd86-bue.infd.edu.ar\/sitio\/wp-content\/uploads\/2018\/08\/10x10.gif\" alt=\"Transparente\" border=\"0\" \/>Autor:\u00a0<\/strong>El\u00edas Mart\u00edn, Platz Emanuel<\/td>\n<td><a title=\"Tesis Natacion\" href=\"upload\/Tesis_La_natacion_masters.pdf\" target=\"_blank\" rel=\"noopener\"><br \/>\n<img decoding=\"async\" src=\"https:\/\/isfd86-bue.infd.edu.ar\/sitio\/wp-content\/uploads\/2018\/08\/icono_pdf.gif\" alt=\"Icono pdf \" border=\"0\" \/><br \/>\nDescargar\u00a0<\/a><\/td>\n<\/tr>\n<tr>\n<td><strong><strong>\u00a0 \u00a0 T\u00edtulo:\u00a0<\/strong><\/strong>La ingesta de sustancias prohibidas en el Ciclismo<strong><strong><br \/>\n<img decoding=\"async\" src=\"https:\/\/isfd86-bue.infd.edu.ar\/sitio\/wp-content\/uploads\/2018\/08\/10x10.gif\" alt=\"Transparente\" border=\"0\" \/>Autor:\u00a0<\/strong><\/strong>Bautista Diego, Tavernini Nadia<\/td>\n<td><a title=\"Tesis Ciclismo\" href=\"upload\/TESIS_ingesta_de_sustancias_prohibidas_en_ciclismo.pdf\" target=\"_blank\" rel=\"noopener\"><br \/>\n<img decoding=\"async\" src=\"https:\/\/isfd86-bue.infd.edu.ar\/sitio\/wp-content\/uploads\/2018\/08\/icono_pdf.gif\" alt=\"Icono pdf \" border=\"0\" \/><br \/>\nDescargar<\/a><\/td>\n<\/tr>\n<tr>\n<td><strong><strong><strong><strong>\u00a0 \u00a0 T\u00edtulo:\u00a0<\/strong><\/strong><\/strong><\/strong>Talleres de Murga en Escuelas Bahienses<strong><strong><strong><strong><br \/>\n<img decoding=\"async\" src=\"https:\/\/isfd86-bue.infd.edu.ar\/sitio\/wp-content\/uploads\/2018\/08\/10x10.gif\" alt=\"Transparente\" border=\"0\" \/>Autor:<\/strong><\/strong><\/strong><\/strong>\u00a0Ruiz Diego, Nardi Luis, Tschrister Gustavo<\/td>\n<td><a title=\"Tesis Murgas\" href=\"upload\/TESIS_TALLERES_DE_MURGA__en_Escuelas_Bahienses.pdf\" target=\"_blank\" rel=\"noopener\"><br \/>\n<img decoding=\"async\" src=\"https:\/\/isfd86-bue.infd.edu.ar\/sitio\/wp-content\/uploads\/2018\/08\/icono_pdf.gif\" alt=\"Icono pdf \" border=\"0\" \/><br \/>\nDescargar<\/a><\/td>\n<\/tr>\n<tr>\n<td><strong><strong>\u00a0 \u00a0 T\u00edtulo: <\/strong><\/strong>La Actividad Fisica en la Rehabilitacion de Lesiones Neuronales<strong><strong><br \/>\n<img decoding=\"async\" src=\"https:\/\/isfd86-bue.infd.edu.ar\/sitio\/wp-content\/uploads\/2018\/08\/10x10.gif\" alt=\"Transparente\" border=\"0\" \/>Autor:<\/strong><\/strong>\u00a0Moyano DIego, Herner Santiago<\/td>\n<td><a title=\"Actividad Fisica Rehabilitacion\" href=\"upload\/La_Educaci%F3n_F%EDsica_en_la_rehabilitaci%F3n_de_lesiones__neuronales.pdf\" target=\"_blank\" rel=\"noopener\"><br \/>\n<img decoding=\"async\" src=\"https:\/\/isfd86-bue.infd.edu.ar\/sitio\/wp-content\/uploads\/2018\/08\/icono_pdf.gif\" alt=\"Icono pdf \" border=\"0\" \/><br \/>\nDescargar<\/a><\/td>\n<\/tr>\n<tr>\n<td><strong><strong><strong><strong>\u00a0 \u00a0 T\u00edtulo:<\/strong><\/strong><\/strong><\/strong>\u00a0La Postura en edades tempranas<strong><strong><strong><strong><br \/>\n<img decoding=\"async\" src=\"https:\/\/isfd86-bue.infd.edu.ar\/sitio\/wp-content\/uploads\/2018\/08\/10x10.gif\" alt=\"Transparente\" border=\"0\" \/>Autor:<\/strong><\/strong>\u00a0<\/strong><\/strong>Carrera Oscar, Tejero Erika<\/td>\n<td><a href=\"upload\/La_Postura_en_edades_tempranas.pdf\" target=\"_blank\" rel=\"noopener\"><br \/>\n<img decoding=\"async\" src=\"https:\/\/isfd86-bue.infd.edu.ar\/sitio\/wp-content\/uploads\/2018\/08\/icono_pdf.gif\" alt=\"Icono pdf \" border=\"0\" \/><br \/>\nDescargar<\/a><\/td>\n<\/tr>\n<tr>\n<td>&nbsp;<\/p>\n<p><strong><strong><strong><strong><strong><strong><strong><strong>\u00a0 \u00a0 T\u00edtulo:<\/strong><\/strong><\/strong><\/strong>\u00a0<\/strong><\/strong><\/strong><\/strong>Impacto de la nataci\u00f3n en el sistema cardiovascular en la tercera edad<\/p>\n<p><img decoding=\"async\" src=\"https:\/\/isfd86-bue.infd.edu.ar\/sitio\/wp-content\/uploads\/2018\/08\/10x10.gif\" alt=\"Transparente\" border=\"0\" \/>\u00a0<strong>Autor:<\/strong>\u00a0Rotaeche Jimena, Barreiro Bel\u00e9n, Guti\u00e9rrez Nadia<\/p>\n<p>&nbsp;<\/td>\n<td><a title=\"Tesis Natacion Tercera Edad\" href=\"upload\/TESIS_Natacion_en_tercera_edad.pdf\" target=\"_blank\" rel=\"noopener\"><img decoding=\"async\" src=\"https:\/\/isfd86-bue.infd.edu.ar\/sitio\/wp-content\/uploads\/2018\/08\/icono_pdf.gif\" alt=\"Icono pdf \" border=\"0\" \/>\u00a0<\/a><\/p>\n<p><a title=\"Tesis Natacion Tercera Edad\" href=\"upload\/TESIS_Natacion_en_tercera_edad.pdf\" target=\"_blank\" rel=\"noopener\">Descargar<\/a><\/td>\n<\/tr>\n<tr>\n<td>&nbsp;<\/p>\n<p><strong><strong><strong><strong><strong>\u00a0 \u00a0 T\u00edtulo:<\/strong><\/strong><\/strong><\/strong>\u00a0<\/strong>El Softbol en las Categorias Infantiles<\/p>\n<p><img decoding=\"async\" src=\"https:\/\/isfd86-bue.infd.edu.ar\/sitio\/wp-content\/uploads\/2018\/08\/10x10.gif\" alt=\"Transparente\" border=\"0\" \/>\u00a0<strong>Autor:<\/strong>\u00a0Leites Milton, Gallardo Jose Luis<\/p>\n<p>&nbsp;<\/p>\n<p>&nbsp;<\/td>\n<td>&nbsp;<\/p>\n<p><a href=\"upload\/Tesis_Softbol_en_formativas.pdf\" target=\"_blank\" rel=\"noopener\"><img decoding=\"async\" src=\"https:\/\/isfd86-bue.infd.edu.ar\/sitio\/wp-content\/uploads\/2018\/08\/icono_pdf.gif\" alt=\"Icono pdf \" border=\"0\" \/>\u00a0<\/a><\/p>\n<p>&nbsp;<\/p>\n<p><a href=\"upload\/Tesis_Softbol_en_formativas.pdf\" target=\"_blank\" rel=\"noopener\">Descargar<\/a><\/p>\n<p>&nbsp;<\/td>\n<\/tr>\n<\/tbody>\n<\/table>\n<p>&nbsp;<\/p>\n<p>&nbsp;<\/p>\n<p>&nbsp;<\/p>\n","protected":false},"excerpt":{"rendered":"<p>Publicaciones de alumnos del Instituto \u00a0 \u00a0T\u00edtulo:\u00a0La Educaci\u00f3n Sexual Integral en las clases de Educaci\u00f3n F\u00edsica en el nivel Secundario \u00a0 \u00a0Autores:\u00a0Olmos Olivero Sof\u00eda,\u00a0Nagel Cristian Descargar \u00a0 \u00a0T\u00edtulo:\u00a0La ausencia de estudios m\u00e9dicos y lesiones en el Crossfit \u00a0 \u00a0Autores:\u00a0Murad Micaela, Prats Florencia Descargar \u00a0 \u00a0T\u00edtulo:\u00a0La actuaci\u00f3n del profesor de Ed. F\u00edsica en la clase\u00a0con chicos &#8230; <a title=\"Metodolog\u00eda de Investigaci\u00f3n en EF\" class=\"read-more\" href=\"https:\/\/isfd86-bue.infd.edu.ar\/sitio\/metodologia-de-investigacion-en-ef\/\" aria-label=\"More on Metodolog\u00eda de Investigaci\u00f3n en EF\">[+]<\/a><\/p>\n","protected":false},"author":29,"featured_media":0,"parent":0,"menu_order":0,"comment_status":"closed","ping_status":"closed","template":"","meta":[],"acf":[],"_links":{"self":[{"href":"https:\/\/isfd86-bue.infd.edu.ar\/sitio\/wp-json\/wp\/v2\/pages\/949"}],"collection":[{"href":"https:\/\/isfd86-bue.infd.edu.ar\/sitio\/wp-json\/wp\/v2\/pages"}],"about":[{"href":"https:\/\/isfd86-bue.infd.edu.ar\/sitio\/wp-json\/wp\/v2\/types\/page"}],"author":[{"embeddable":true,"href":"https:\/\/isfd86-bue.infd.edu.ar\/sitio\/wp-json\/wp\/v2\/users\/29"}],"replies":[{"embeddable":true,"href":"https:\/\/isfd86-bue.infd.edu.ar\/sitio\/wp-json\/wp\/v2\/comments?post=949"}],"version-history":[{"count":23,"href":"https:\/\/isfd86-bue.infd.edu.ar\/sitio\/wp-json\/wp\/v2\/pages\/949\/revisions"}],"predecessor-version":[{"id":1046,"href":"https:\/\/isfd86-bue.infd.edu.ar\/sitio\/wp-json\/wp\/v2\/pages\/949\/revisions\/1046"}],"wp:attachment":[{"href":"https:\/\/isfd86-bue.infd.edu.ar\/sitio\/wp-json\/wp\/v2\/media?parent=949"}],"curies":[{"name":"wp","href":"https:\/\/api.w.org\/{rel}","templated":true}]}}