{"id":873,"date":"2018-08-29T22:24:35","date_gmt":"2018-08-30T01:24:35","guid":{"rendered":"https:\/\/isfd86-bue.infd.edu.ar\/sitio\/cipe\/"},"modified":"2026-03-17T09:19:06","modified_gmt":"2026-03-17T12:19:06","slug":"cipe","status":"publish","type":"page","link":"https:\/\/isfd86-bue.infd.edu.ar\/sitio\/cipe\/","title":{"rendered":"CIPE"},"content":{"rendered":"<p style=\"text-align: left;\"><strong>Coordinaci\u00f3n: MENDOZA, JULIETA.<\/strong><\/p>\n<p><strong>email:<\/strong> julieta.mendoza.cipes@gmail.com<\/p>\n<p><strong>Lugar: <\/strong>\u00a0Secretar\u00eda en SEDE.<\/p>\n<p>\u00a0<\/p>\n<h1><strong><a href=\"https:\/\/www.gba.gob.ar\/transporte\/boleto_estudiantil?fbclid=IwY2xjawQmH2lleHRuA2FlbQIxMABicmlkETEzYTUweWg4SDA4QnZRN2xKc3J0YwZhcHBfaWQQMjIyMDM5MTc4ODIwMDg5MgABHkG5b9jo9eH7KRQjEH69nXKQyufo0CLwV1HFKaLbK11oCorGiDwOW9g77Wo8_aem_FAssDohwcyF31s8lWXUGGw\"><em>BOLETO ESTUDIANT<\/em>IL<\/a><\/strong><\/h1>\n<p>\u00a0<\/p>\n<p><a href=\"https:\/\/isfd86-bue.infd.edu.ar\/sitio\/cipe\/sube-17032026-copia\/#main\" rel=\"attachment wp-att-4861\"><img decoding=\"async\" loading=\"lazy\" class=\"alignnone  wp-image-4861\" src=\"https:\/\/isfd86-bue.infd.edu.ar\/sitio\/wp-content\/uploads\/2026\/03\/SUBE-17032026-COPIA.jpg\" alt=\"\" width=\"1084\" height=\"918\" srcset=\"https:\/\/isfd86-bue.infd.edu.ar\/sitio\/wp-content\/uploads\/2026\/03\/SUBE-17032026-COPIA.jpg 850w, https:\/\/isfd86-bue.infd.edu.ar\/sitio\/wp-content\/uploads\/2026\/03\/SUBE-17032026-COPIA-768x651.jpg 768w\" sizes=\"(max-width: 1084px) 100vw, 1084px\" \/><\/a><\/p>\n<p>\u00a0<\/p>\n<p>\u00a0<\/p>\n<p>\u00a0<\/p>\n<p>\u00a0<\/p>\n<h2>01\/04\/2025<\/h2>\n<h4><a href=\"https:\/\/isfd86-bue.infd.edu.ar\/sitio\/cipe\/instructivo-inscripcion-superior-2025\/\" rel=\"attachment wp-att-4535\"><strong>Instructivo inscripci\u00f3n Superior BECAS PROGRESAR 2025\u00a0<\/strong><\/a><\/h4>\n<p>\u00a0<\/p>\n<p><a href=\"https:\/\/isfd86-bue.infd.edu.ar\/sitio\/concursos-docentes\/flecha-arriba\/#main\" rel=\"attachment wp-att-4505\"><img decoding=\"async\" loading=\"lazy\" class=\"wp-image-4505 aligncenter\" src=\"https:\/\/isfd86-bue.infd.edu.ar\/sitio\/wp-content\/uploads\/2025\/03\/flecha-arriba-.png\" alt=\"\" width=\"215\" height=\"193\" \/><\/a><\/p>\n<p><a href=\"https:\/\/isfd86-bue.infd.edu.ar\/sitio\/cipe\/reminder-computer-window-neon-pink-retro-post-for-instagram\/#main\" rel=\"attachment wp-att-4152\"><img decoding=\"async\" loading=\"lazy\" class=\"alignnone size-medium wp-image-4152\" src=\"https:\/\/isfd86-bue.infd.edu.ar\/sitio\/wp-content\/uploads\/2024\/04\/Reminder-computer-window-neon-pink-retro-Post-for-Instagram-1000x1000.jpg\" alt=\"\" width=\"1000\" height=\"1000\" srcset=\"https:\/\/isfd86-bue.infd.edu.ar\/sitio\/wp-content\/uploads\/2024\/04\/Reminder-computer-window-neon-pink-retro-Post-for-Instagram-1000x1000.jpg 1000w, https:\/\/isfd86-bue.infd.edu.ar\/sitio\/wp-content\/uploads\/2024\/04\/Reminder-computer-window-neon-pink-retro-Post-for-Instagram-500x500.jpg 500w, https:\/\/isfd86-bue.infd.edu.ar\/sitio\/wp-content\/uploads\/2024\/04\/Reminder-computer-window-neon-pink-retro-Post-for-Instagram-768x768.jpg 768w, https:\/\/isfd86-bue.infd.edu.ar\/sitio\/wp-content\/uploads\/2024\/04\/Reminder-computer-window-neon-pink-retro-Post-for-Instagram.jpg 1080w\" sizes=\"(max-width: 1000px) 100vw, 1000px\" \/><\/a><\/p>\n<p><a href=\"https:\/\/isfd86-bue.infd.edu.ar\/sitio\/cipe\/folleto-escolar-colorido-divertido-escuelaeducacion-horizontal\/#main\" rel=\"attachment wp-att-4154\"><img decoding=\"async\" loading=\"lazy\" class=\"alignnone size-medium wp-image-4154\" src=\"https:\/\/isfd86-bue.infd.edu.ar\/sitio\/wp-content\/uploads\/2024\/04\/Folleto-escolar-Colorido-Divertido-EscuelaEducacion-Horizontal--1000x472.jpg\" alt=\"\" width=\"1000\" height=\"472\" srcset=\"https:\/\/isfd86-bue.infd.edu.ar\/sitio\/wp-content\/uploads\/2024\/04\/Folleto-escolar-Colorido-Divertido-EscuelaEducacion-Horizontal--1000x472.jpg 1000w, https:\/\/isfd86-bue.infd.edu.ar\/sitio\/wp-content\/uploads\/2024\/04\/Folleto-escolar-Colorido-Divertido-EscuelaEducacion-Horizontal--1900x896.jpg 1900w, https:\/\/isfd86-bue.infd.edu.ar\/sitio\/wp-content\/uploads\/2024\/04\/Folleto-escolar-Colorido-Divertido-EscuelaEducacion-Horizontal--768x362.jpg 768w, https:\/\/isfd86-bue.infd.edu.ar\/sitio\/wp-content\/uploads\/2024\/04\/Folleto-escolar-Colorido-Divertido-EscuelaEducacion-Horizontal--1536x724.jpg 1536w, https:\/\/isfd86-bue.infd.edu.ar\/sitio\/wp-content\/uploads\/2024\/04\/Folleto-escolar-Colorido-Divertido-EscuelaEducacion-Horizontal--2048x966.jpg 2048w\" sizes=\"(max-width: 1000px) 100vw, 1000px\" \/><\/a><\/p>\n<p><strong>Tareas:<\/strong><\/p>\n<div>\n<ul>\n<li>Articular, dise\u00f1ar y\/o promover junto a los distintos actores\/as institucionales acciones referidas al fortalecimiento de las trayectorias formativas de las\/los estudiantes.<\/li>\n<\/ul>\n<ul>\n<li>Desarrollar proyectos de construcci\u00f3n colectiva con estudiantes y otros actores institucionales en tem\u00e1ticas que promuevan la construcci\u00f3n del sentido \u00e9tico, pol\u00edtico y cultural de las\/los futuras\/os docentes, y su involucramiento en la gesti\u00f3n democr\u00e1tica de las instituciones.<\/li>\n<\/ul>\n<ul>\n<li>Promover y fortalecer el abordaje de la perspectiva de g\u00e9nero en las carreras de su instituci\u00f3n.<\/li>\n<\/ul>\n<ul>\n<li>Promover y dinamizar las acciones de pol\u00edticas estudiantiles nacionales, jurisdiccionales e institucionales.<\/li>\n<\/ul>\n<ul>\n<li>Participar en jornadas organizadas por el INFoD y la DPES u otros eventos que se vinculen a las l\u00edneas pol\u00edticas de acompa\u00f1amiento y fortalecimiento de las trayectorias estudiantiles.<\/li>\n<\/ul>\n<ul>\n<li>Participar de las reuniones e instancias de formaci\u00f3n convocadas por la DPES y\/o Naci\u00f3n, y presentar en tiempo y forma los informes de seguimiento de acciones solicitadas.<\/li>\n<\/ul>\n<\/div>\n\n\n<figure class=\"wp-block-image size-large is-resized is-style-default\"><img decoding=\"async\" loading=\"lazy\" src=\"https:\/\/isfd86-bue.infd.edu.ar\/sitio\/wp-content\/uploads\/2022\/09\/ENCUENTRO-CIPES-AGOSTO-2022.jpg\" alt=\"\" class=\"wp-image-3224\" width=\"1016\" height=\"680\"\/><\/figure>\n\n\n\n<p><\/p>\n","protected":false},"excerpt":{"rendered":"<p>Coordinaci\u00f3n: MENDOZA, JULIETA. email: julieta.mendoza.cipes@gmail.com Lugar: \u00a0Secretar\u00eda en SEDE. \u00a0 BOLETO ESTUDIANTIL \u00a0 \u00a0 \u00a0 \u00a0 \u00a0 01\/04\/2025 Instructivo inscripci\u00f3n Superior BECAS PROGRESAR 2025\u00a0 \u00a0 Tareas: Articular, dise\u00f1ar y\/o promover junto a los distintos actores\/as institucionales acciones referidas al fortalecimiento de las trayectorias formativas de las\/los estudiantes. Desarrollar proyectos de construcci\u00f3n colectiva con estudiantes y &#8230; <a title=\"CIPE\" class=\"read-more\" href=\"https:\/\/isfd86-bue.infd.edu.ar\/sitio\/cipe\/\" aria-label=\"More on CIPE\">[+]<\/a><\/p>\n","protected":false},"author":29,"featured_media":0,"parent":0,"menu_order":0,"comment_status":"closed","ping_status":"closed","template":"","meta":[],"acf":[],"_links":{"self":[{"href":"https:\/\/isfd86-bue.infd.edu.ar\/sitio\/wp-json\/wp\/v2\/pages\/873"}],"collection":[{"href":"https:\/\/isfd86-bue.infd.edu.ar\/sitio\/wp-json\/wp\/v2\/pages"}],"about":[{"href":"https:\/\/isfd86-bue.infd.edu.ar\/sitio\/wp-json\/wp\/v2\/types\/page"}],"author":[{"embeddable":true,"href":"https:\/\/isfd86-bue.infd.edu.ar\/sitio\/wp-json\/wp\/v2\/users\/29"}],"replies":[{"embeddable":true,"href":"https:\/\/isfd86-bue.infd.edu.ar\/sitio\/wp-json\/wp\/v2\/comments?post=873"}],"version-history":[{"count":12,"href":"https:\/\/isfd86-bue.infd.edu.ar\/sitio\/wp-json\/wp\/v2\/pages\/873\/revisions"}],"predecessor-version":[{"id":4862,"href":"https:\/\/isfd86-bue.infd.edu.ar\/sitio\/wp-json\/wp\/v2\/pages\/873\/revisions\/4862"}],"wp:attachment":[{"href":"https:\/\/isfd86-bue.infd.edu.ar\/sitio\/wp-json\/wp\/v2\/media?parent=873"}],"curies":[{"name":"wp","href":"https:\/\/api.w.org\/{rel}","templated":true}]}}