{"id":2411,"date":"2021-06-17T09:44:27","date_gmt":"2021-06-17T12:44:27","guid":{"rendered":"https:\/\/isfd86-bue.infd.edu.ar\/sitio\/?page_id=2411"},"modified":"2021-06-17T09:44:27","modified_gmt":"2021-06-17T12:44:27","slug":"efemerides-de-junio-de-biblioteca","status":"publish","type":"page","link":"https:\/\/isfd86-bue.infd.edu.ar\/sitio\/efemerides-de-junio-de-biblioteca\/","title":{"rendered":"EFEMERIDES DE JUNIO DE BIBLIOTECA"},"content":{"rendered":"<h2><span style=\"color: #003366;\"><u>17 DE JUNIO<\/u>: \u201cD\u00cdA NACIONAL DE LA LIBERTAD LATINOAMERICANA, EN CONMEMORACI\u00d3N DEL FALLECIMIENTO DEL GENERAL MART\u00cdN MIGUEL DE G\u00dcEMES\u201d.<\/span><\/h2>\n<p><img decoding=\"async\" loading=\"lazy\" class=\"alignnone size-full wp-image-2409\" src=\"https:\/\/isfd86-bue.infd.edu.ar\/sitio\/wp-content\/uploads\/2021\/06\/17-de-Junio-IM\u00c0GEN-DE-GUEMES.jpg\" alt=\"\" width=\"768\" height=\"407\" \/><\/p>\n<h3><span style=\"color: #800080;\">El feriado corresponde al pr\u00f3cer Mart\u00edn Miguel de G\u00fcemes, h\u00e9roe de la liberaci\u00f3n nacional. El militar naci\u00f3 el 8 de febrero de 1785 en Salta y libr\u00f3 una constante guerra defensiva, conocida por todos, como la Guerra Gaucha.<\/span><\/h3>\n<h3><span style=\"color: #800080;\">El pr\u00f3cer falleci\u00f3 el 17 de junio de 1821, fecha por la cual se conmemora el d\u00eda del paso a la inmortalidad del General Don Mart\u00edn de G\u00fcemes, quien fue un militar rioplatense que cumpli\u00f3 una destacada actuaci\u00f3n en la Guerra de Independencia de la Argentina y en las guerras civiles argentinas. Durante seis a\u00f1os fue gobernador de la provincia de Salta1 y con muy escasos recursos libr\u00f3 una casi constante guerra defensiva, conocida como Guerra Gaucha, que mantuvo al resto del actual territorio argentino libre de invasiones realista.<\/span><\/h3>\n<p><img decoding=\"async\" loading=\"lazy\" class=\"size-full wp-image-2410 aligncenter\" src=\"https:\/\/isfd86-bue.infd.edu.ar\/sitio\/wp-content\/uploads\/2021\/06\/martin-guemes.jpg\" alt=\"\" width=\"640\" height=\"334\" \/><\/p>\n","protected":false},"excerpt":{"rendered":"<p>17 DE JUNIO: \u201cD\u00cdA NACIONAL DE LA LIBERTAD LATINOAMERICANA, EN CONMEMORACI\u00d3N DEL FALLECIMIENTO DEL GENERAL MART\u00cdN MIGUEL DE G\u00dcEMES\u201d. El feriado corresponde al pr\u00f3cer Mart\u00edn Miguel de G\u00fcemes, h\u00e9roe de la liberaci\u00f3n nacional. El militar naci\u00f3 el 8 de febrero de 1785 en Salta y libr\u00f3 una constante guerra defensiva, conocida por todos, como la &#8230; <a title=\"EFEMERIDES DE JUNIO DE BIBLIOTECA\" class=\"read-more\" href=\"https:\/\/isfd86-bue.infd.edu.ar\/sitio\/efemerides-de-junio-de-biblioteca\/\" aria-label=\"More on EFEMERIDES DE JUNIO DE BIBLIOTECA\">[+]<\/a><\/p>\n","protected":false},"author":2607,"featured_media":0,"parent":0,"menu_order":0,"comment_status":"closed","ping_status":"closed","template":"","meta":[],"acf":[],"_links":{"self":[{"href":"https:\/\/isfd86-bue.infd.edu.ar\/sitio\/wp-json\/wp\/v2\/pages\/2411"}],"collection":[{"href":"https:\/\/isfd86-bue.infd.edu.ar\/sitio\/wp-json\/wp\/v2\/pages"}],"about":[{"href":"https:\/\/isfd86-bue.infd.edu.ar\/sitio\/wp-json\/wp\/v2\/types\/page"}],"author":[{"embeddable":true,"href":"https:\/\/isfd86-bue.infd.edu.ar\/sitio\/wp-json\/wp\/v2\/users\/2607"}],"replies":[{"embeddable":true,"href":"https:\/\/isfd86-bue.infd.edu.ar\/sitio\/wp-json\/wp\/v2\/comments?post=2411"}],"version-history":[{"count":1,"href":"https:\/\/isfd86-bue.infd.edu.ar\/sitio\/wp-json\/wp\/v2\/pages\/2411\/revisions"}],"predecessor-version":[{"id":2412,"href":"https:\/\/isfd86-bue.infd.edu.ar\/sitio\/wp-json\/wp\/v2\/pages\/2411\/revisions\/2412"}],"wp:attachment":[{"href":"https:\/\/isfd86-bue.infd.edu.ar\/sitio\/wp-json\/wp\/v2\/media?parent=2411"}],"curies":[{"name":"wp","href":"https:\/\/api.w.org\/{rel}","templated":true}]}}